{"id":1865,"date":"2018-08-09T06:29:48","date_gmt":"2018-08-09T06:29:48","guid":{"rendered":"http:\/\/demo.vastthemes.com\/charity\/?page_id=1865"},"modified":"2023-10-03T22:31:42","modified_gmt":"2023-10-03T22:31:42","slug":"quienes-somos","status":"publish","type":"page","link":"https:\/\/yosoylibros.org\/?page_id=1865","title":{"rendered":"Qui\u00e9nes somos"},"content":{"rendered":"<p><section data-kc-fullwidth=\"row\" class=\"kc-elm kc-css-465199 kc_row normalize-kc-padding\"><div class=\"kc-row-container  kc-container\"><div class=\"kc-wrap-columns\"><div class=\"kc-elm kc-css-726107 kc_col-sm-4 kc_column kc_col-sm-4\"><div class=\"kc-col-container\"><div class=\"kc-elm kc-css-938451 kc_shortcode kc_single_image\">\n\n        <img src=\"https:\/\/yosoylibros.org\/wp-content\/uploads\/2019\/08\/IMG_3447_flip-1000x1000xc.jpg\" class=\"\" alt=\"\" \/>    <\/div>\n<\/div><\/div><div class=\"kc-elm kc-css-819215 kc_col-sm-1 kc_column kc_col-sm-1\"><div class=\"kc-col-container\"><\/div><\/div><div class=\"kc-elm kc-css-572411 kc_col-sm-7 kc_column kc_col-sm-7\"><div class=\"kc-col-container\">\n<div class=\"kc-elm kc-css-385096 kc-title-wrap \">\n\n\t<h2 class=\"kc_title\">Lo que hacemos<\/h2>\n<\/div>\n<div class=\"kc-elm kc-css-885450 kc_text_block\"><\/p>\n<p>Asociaci\u00f3n\u00a0<span class=\"il\">Libros<\/span>\u00a0para Todos, edita y produce\u00a0<span class=\"il\">libros<\/span> de texto, brinda capacitaciones, ofrece servicios web y digitales gratuitos, entre otras iniciativas que impactan al sector educativo.<\/p>\n<p>\n<\/div><div class=\"kc-elm kc-css-475542 kc_text_block\"><\/p>\n<p>Para lograr su impacto social, busca cada a\u00f1o aliados que le permitan llevar\u00a0<span class=\"il\">libros<\/span>\u00a0de texto a los centros educativos que son parte del programa, asimismo adicional ofrece a esos centros educativos un acompa\u00f1amiento continuo y de acceso gratuito de materiales complementarios como la p\u00e1gina web para docentes y padres de familia, talles para ni\u00f1os y docentes, revista educativa, patrocinio de concurso de \u00edndole educativo, entre otros.<\/p>\n<p>\n<\/div><\/div><\/div><\/div><\/div><\/section><section class=\"kc-elm kc-css-320376 kc_row normalize-kc-padding\"><div class=\"kc-row-container  kc-container\"><div class=\"kc-wrap-columns\"><div class=\"kc-elm kc-css-313367 kc_col-sm-5 kc_column kc_col-sm-5\"><div class=\"kc-col-container\">\n<div class=\"kc-elm kc-css-817826 kc-title-wrap \">\n\n\t<h2 class=\"kc_title\">Historia<\/h2>\n<\/div>\n<div class=\"kc-elm kc-css-625759 kc_text_block\"><\/p>\n<p><span class=\"il\">Libros<\/span>\u00a0para Todos nace en el a\u00f1o 2009 en Grupo Naci\u00f3n, como proyecto de inversi\u00f3n social que buscaba disminuir la brecha social en el sector educativo, principalmente en el acceso a\u00a0<span class=\"il\">libros<\/span>\u00a0de texto. \u00a0 En esos a\u00f1os logra implementar con \u00e9xito el programa de donaciones que buscaba empresas para que apadrinaran centros educativos y los dotaran de\u00a0<span class=\"il\">libros<\/span>\u00a0de texto.<\/p>\n<p>\n<\/div><div class=\"kc-elm kc-css-122402 kc_text_block\"><\/p>\n<p>Es en el a\u00f1o 2015, que ante el eventual cierre del proyecto en Grupo Naci\u00f3n, once personas deciden formar una asociaci\u00f3n sin fines de lucro y proponer que se le entregara el proyecto para que se desvinculara de la empresa y as\u00ed no se perdiera el impacto en la sociedad costarricense.<\/p>\n<p>\n<\/div><\/div><\/div><div class=\"kc-elm kc-css-606565 kc_col-sm-1 kc_column kc_col-sm-1\"><div class=\"kc-col-container\"><\/div><\/div><div class=\"kc-elm kc-css-41028 kc_col-sm-6 kc_column kc_col-sm-6\"><div class=\"kc-col-container\"><div class=\"kc-elm kc-css-474821 kc_row kc_row_inner\"><div class=\"kc-elm kc-css-18356 kc_col-sm-6 kc_column_inner kc_col-sm-6\"><div class=\"kc_wrapper kc-col-inner-container\">\n<div class=\"kc-elm kc-css-53797 kc-flipbox kc-flip-container\" ontouchstart=\"this.classList.toggle('hover');\">\n\t<div class=\"flipper\">\n\t\t<div class=\"front\">\n\t\t\t<div class=\"front-content\">\n\t\t\t\t<h3>Capacitaci\u00f3n<\/h3><p>Atendemos Centros Educativos<\/p>\t\t\t<\/div>\n\t\t<\/div>\n\t\t<div class=\"back\">\n\t\t\t<div class=\"des\">\n\t\t\t\t<div class=\"wrap-icon\"><i class=\"fa-quote-left\"><\/i><\/div><p>Visitamos escuelas y colegios capacitando los docentes.<\/p>\t\t\t<\/div>\n\t\t<\/div>\n\t<\/div>\n<\/div>\n\n<div class=\"kc-elm kc-css-567166 kc-flipbox kc-flip-container\" ontouchstart=\"this.classList.toggle('hover');\">\n\t<div class=\"flipper\">\n\t\t<div class=\"front\">\n\t\t\t<div class=\"front-content\">\n\t\t\t\t<h3>En casa<\/h3><p>Recursos para padres<\/p>\t\t\t<\/div>\n\t\t<\/div>\n\t\t<div class=\"back\">\n\t\t\t<div class=\"des\">\n\t\t\t\t<div class=\"wrap-icon\"><i class=\"fa-quote-left\"><\/i><\/div><p>Acceso a padres y tutores en una plataforma con solucionarios y \u00fatiles recursos.<\/p>\t\t\t<\/div>\n\t\t<\/div>\n\t<\/div>\n<\/div>\n<\/div><\/div><div class=\"kc-elm kc-css-412651 kc_col-sm-6 kc_column_inner kc_col-sm-6\"><div class=\"kc_wrapper kc-col-inner-container\">\n<div class=\"kc-elm kc-css-660099 kc-flipbox kc-flip-container\" ontouchstart=\"this.classList.toggle('hover');\">\n\t<div class=\"flipper\">\n\t\t<div class=\"front\">\n\t\t\t<div class=\"front-content\">\n\t\t\t\t<h3>Recursos<\/h3><p>Digitales para el docente<\/p>\t\t\t<\/div>\n\t\t<\/div>\n\t\t<div class=\"back\">\n\t\t\t<div class=\"des\">\n\t\t\t\t<div class=\"wrap-icon\"><i class=\"fa-quote-left\"><\/i><\/div><p>Acceso gratuito a plataforma donde descargar recursos y planeamientos.<\/p>\t\t\t<\/div>\n\t\t<\/div>\n\t<\/div>\n<\/div>\n\n<div class=\"kc-elm kc-css-818467 kc-flipbox kc-flip-container\" ontouchstart=\"this.classList.toggle('hover');\">\n\t<div class=\"flipper\">\n\t\t<div class=\"front\">\n\t\t\t<div class=\"front-content\">\n\t\t\t\t<h3>Aplicaciones<\/h3><p>Estudiar desde el m\u00f3vil<\/p>\t\t\t<\/div>\n\t\t<\/div>\n\t\t<div class=\"back\">\n\t\t\t<div class=\"des\">\n\t\t\t\t<div class=\"wrap-icon\"><i class=\"fa-quote-left\"><\/i><\/div><p>Los estudiantes pueden repasar el contenido de su clase desde un m\u00f3vil.<\/p>\t\t\t<\/div>\n\t\t<\/div>\n\t<\/div>\n<\/div>\n<\/div><\/div><\/div><\/div><\/div><\/div><\/div><\/section><section class=\"kc-elm kc-css-304983 kc_row\"><div class=\"kc-row-container  kc-container\"><div class=\"kc-wrap-columns\"><div class=\"kc-elm kc-css-343613 kc_col-sm-12 kc_column kc_col-sm-12\"><div class=\"kc-col-container\"><div class=\"kc-elm kc-css-874866 kc_text_block\"><\/p>\n<p>Es as\u00ed como nace Asociaci\u00f3n\u00a0<span class=\"il\">Libros<\/span>\u00a0para Todos, manteniendo el objetivo de disminuir\u00a0\u00a0la brecha social en el acceso a los recursos did\u00e1cticos, en pro del mejoramiento de la educaci\u00f3n de las poblaciones m\u00e1s vulnerables.\u00a0<\/p>\n<p>\n<\/div><div class=\"kc-elm kc-css-851542 kc_text_block\"><\/p>\n<p>\n<\/div><\/div><\/div><\/div><\/div><\/section><section data-kc-fullwidth=\"row\" class=\"kc-elm kc-css-502583 kc_row\"><div class=\"kc-row-container  kc-container\"><div class=\"kc-wrap-columns\"><div class=\"kc-elm kc-css-796661 kc_col-sm-12 kc_column kc_col-sm-12\"><div class=\"kc-col-container\">\n<div class=\"kc-elm kc-css-514968 kc-title-wrap \">\n\n\t<h2 class=\"kc_title\">\u00a1Quiero participar!<\/h2>\n<\/div>\n<div class=\"kc-elm kc-css-670932 kc_text_block\"><\/p>\n<p style=\"text-align: center;\">Su donaci\u00f3n nos ayudar\u00e1 a transformar la vida de m\u00e1s ni\u00f1@s y adolescentes.<\/p>\n<p style=\"text-align: center;\">\u00danase a nosotros y sea parte de un mejor futuro para todos.<\/p>\n<p>\n<\/div>\n<div class=\"kc-elm kc-css-807995\">\n\t<a class=\"kc_button\" href=\"https:\/\/yosoylibros.org\/?page_id=6259\" target=\"_self\" title=\"\" onclick=\"\">\n\t\t\u00a1Donar Ahora!\t<\/a>\n<\/div>\n<\/div><\/div><\/div><\/div><\/section><section class=\"kc-elm kc-css-789024 kc_row\"><div class=\"kc-row-container  kc-container\"><div class=\"kc-wrap-columns\"><div class=\"kc-elm kc-css-51192 kc_col-sm-12 kc_column kc_col-sm-12\"><div class=\"kc-col-container\"><div class=\"kc-elm kc-css-504949 kc-feature-boxes kc-fb-layout-5\">\n\n\t<div class=\"content-position\">Miembros de la<\/div><div class=\"content-title\">Junta Directiva<\/div><div class=\"content-desc\">Manuel Francisco Jim\u00e9nez Echeverr\u00eda, Presidente &bull; \r\nMario Hern\u00e1ndez Valverde, Vicepresidente &bull; \r\nElvira Sabor\u00edo Dobles, Secretaria &bull; \r\nManfred Lachner Madrigal, Tesorero &bull; \r\nCarmen Murillo Murillo, Fiscal &bull; \r\nJ\u00e9ssica Jim\u00e9nez Bogantes, Vocal &bull; \r\nHanie Cordero Cader\u00f3n, Gerente<\/div>\n<\/div>\n<\/div><\/div><\/div><\/div><\/section><section data-kc-fullwidth=\"row\" class=\"kc-elm kc-css-708416 kc_row normalize-kc-padding\"><div class=\"kc-row-container  kc-container\"><div class=\"kc-wrap-columns\"><div class=\"kc-elm kc-css-165910 kc_col-sm-4 kc_column kc_col-sm-4\"><div class=\"kc-col-container\">\n<div class=\"kc-elm kc-css-238066 kc-image-hover-effects kc-img-effects-3 default\">\n\n\t<a href=\"https:\/\/yosoylibros.org\/wp-content\/uploads\/2019\/08\/IMG_3431.jpg\" rel=\"prettyPhoto\" class=\"kc-pretty-photo\"><img src=\"https:\/\/yosoylibros.org\/wp-content\/uploads\/2019\/08\/IMG_3431.jpg\" alt=\"\"\/><\/a><a href=\"https:\/\/yosoylibros.org\/wp-content\/uploads\/2019\/08\/IMG_3431.jpg\" rel=\"prettyPhoto\" class=\"kc-pretty-photo\"><div class=\"overlay-effects\"><div class=\"overlay-content\"><div class=\"content-title\">Llevamos esperanza<\/div><div class=\"content-desc\">Inspiramos chic@s con deseos de alcanzar un futuro mejor.<\/div><\/div><\/div><\/a>\n<\/div>\n<div class=\"kc-elm kc-css-769986 kc-image-hover-effects kc-img-effects-3 default\">\n\n\t<a href=\"https:\/\/yosoylibros.org\/wp-content\/uploads\/2019\/08\/IMG_9609.jpg\" rel=\"prettyPhoto\" class=\"kc-pretty-photo\"><img src=\"https:\/\/yosoylibros.org\/wp-content\/uploads\/2019\/08\/IMG_9609.jpg\" alt=\"\"\/><\/a><a href=\"https:\/\/yosoylibros.org\/wp-content\/uploads\/2019\/08\/IMG_9609.jpg\" rel=\"prettyPhoto\" class=\"kc-pretty-photo\"><div class=\"overlay-effects\"><div class=\"overlay-content\"><div class=\"content-title\">Extienden posibilidades<\/div><div class=\"content-desc\">Un libro permite que el estudiante avance en el logro de los objetivos acad\u00e9micos, d\u00e1ndole la oportunidad de crecer en \u00e1reas sociales y culturales.<\/div><\/div><\/div><\/a>\n<\/div><\/div><\/div><div class=\"kc-elm kc-css-928335 kc_col-sm-4 kc_column kc_col-sm-4\"><div class=\"kc-col-container\">\n<div class=\"kc-elm kc-css-33928 kc-image-hover-effects kc-img-effects-3 default\">\n\n\t<a href=\"https:\/\/yosoylibros.org\/wp-content\/uploads\/2019\/08\/WhatsApp-Image-2019-05-28-at-8.22.30-PM1-e1565631395256.jpeg\" rel=\"prettyPhoto\" class=\"kc-pretty-photo\"><img src=\"https:\/\/yosoylibros.org\/wp-content\/uploads\/2019\/08\/WhatsApp-Image-2019-05-28-at-8.22.30-PM1-e1565631395256.jpeg\" alt=\"\"\/><\/a><a href=\"https:\/\/yosoylibros.org\/wp-content\/uploads\/2019\/08\/WhatsApp-Image-2019-05-28-at-8.22.30-PM1-e1565631395256.jpeg\" rel=\"prettyPhoto\" class=\"kc-pretty-photo\"><div class=\"overlay-effects\"><div class=\"overlay-content\"><div class=\"content-title\">Flexible<\/div><div class=\"content-desc\">Su donaci\u00f3n puede ser destinada ya sea a un \u00fanico nivel o bien hasta una escuela o colegio completos.<\/div><\/div><\/div><\/a>\n<\/div>\n<div class=\"kc-elm kc-css-66984 kc-image-hover-effects kc-img-effects-3 default\">\n\n\t<a href=\"https:\/\/yosoylibros.org\/wp-content\/uploads\/2019\/08\/IMG_4245.jpg\" rel=\"prettyPhoto\" class=\"kc-pretty-photo\"><img src=\"https:\/\/yosoylibros.org\/wp-content\/uploads\/2019\/08\/IMG_4245.jpg\" alt=\"\"\/><\/a><a href=\"https:\/\/yosoylibros.org\/wp-content\/uploads\/2019\/08\/IMG_4245.jpg\" rel=\"prettyPhoto\" class=\"kc-pretty-photo\"><div class=\"overlay-effects\"><div class=\"overlay-content\"><div class=\"content-title\">Alcance<\/div><div class=\"content-desc\">Conocemos y llegamos a los centros educativos m\u00e1s alejados del pa\u00eds.<\/div><\/div><\/div><\/a>\n<\/div><\/div><\/div><div class=\"kc-elm kc-css-244356 kc_col-sm-4 kc_column kc_col-sm-4\"><div class=\"kc-col-container\">\n<div class=\"kc-elm kc-css-516397 kc-image-hover-effects kc-img-effects-3 default\">\n\n\t<a href=\"https:\/\/yosoylibros.org\/wp-content\/uploads\/2019\/08\/P1010973.jpg\" rel=\"prettyPhoto\" class=\"kc-pretty-photo\"><img src=\"https:\/\/yosoylibros.org\/wp-content\/uploads\/2019\/08\/P1010973.jpg\" alt=\"\"\/><\/a><a href=\"https:\/\/yosoylibros.org\/wp-content\/uploads\/2019\/08\/P1010973.jpg\" rel=\"prettyPhoto\" class=\"kc-pretty-photo\"><div class=\"overlay-effects\"><div class=\"overlay-content\"><div class=\"content-title\">Cara a cara<\/div><div class=\"content-desc\">Cada donante puede entregar y conocer personalmente a los estudiantes beneficiados.<\/div><\/div><\/div><\/a>\n<\/div>\n<div class=\"kc-elm kc-css-792055 kc-image-hover-effects kc-img-effects-3 default\">\n\n\t<a href=\"https:\/\/yosoylibros.org\/wp-content\/uploads\/2019\/08\/P1020157.jpg\" rel=\"prettyPhoto\" class=\"kc-pretty-photo\"><img src=\"https:\/\/yosoylibros.org\/wp-content\/uploads\/2019\/08\/P1020157.jpg\" alt=\"\"\/><\/a><a href=\"https:\/\/yosoylibros.org\/wp-content\/uploads\/2019\/08\/P1020157.jpg\" rel=\"prettyPhoto\" class=\"kc-pretty-photo\"><div class=\"overlay-effects\"><div class=\"overlay-content\"><div class=\"content-title\">Material actualizado<\/div><div class=\"content-desc\">Nuestros libros son basados en los programas del MEP y actualizados cada a\u00f1o.<\/div><\/div><\/div><\/a>\n<\/div><\/div><\/div><\/div><\/div><\/section><\/p>\n","protected":false},"excerpt":{"rendered":"","protected":false},"author":1,"featured_media":0,"parent":0,"menu_order":0,"comment_status":"closed","ping_status":"closed","template":"","meta":{"footnotes":""},"_links":{"self":[{"href":"https:\/\/yosoylibros.org\/index.php?rest_route=\/wp\/v2\/pages\/1865"}],"collection":[{"href":"https:\/\/yosoylibros.org\/index.php?rest_route=\/wp\/v2\/pages"}],"about":[{"href":"https:\/\/yosoylibros.org\/index.php?rest_route=\/wp\/v2\/types\/page"}],"author":[{"embeddable":true,"href":"https:\/\/yosoylibros.org\/index.php?rest_route=\/wp\/v2\/users\/1"}],"replies":[{"embeddable":true,"href":"https:\/\/yosoylibros.org\/index.php?rest_route=%2Fwp%2Fv2%2Fcomments&post=1865"}],"version-history":[{"count":220,"href":"https:\/\/yosoylibros.org\/index.php?rest_route=\/wp\/v2\/pages\/1865\/revisions"}],"predecessor-version":[{"id":8990,"href":"https:\/\/yosoylibros.org\/index.php?rest_route=\/wp\/v2\/pages\/1865\/revisions\/8990"}],"wp:attachment":[{"href":"https:\/\/yosoylibros.org\/index.php?rest_route=%2Fwp%2Fv2%2Fmedia&parent=1865"}],"curies":[{"name":"wp","href":"https:\/\/api.w.org\/{rel}","templated":true}]}}